{"id":69,"date":"2022-02-14T19:05:43","date_gmt":"2022-02-14T19:05:43","guid":{"rendered":"http:\/\/samahil.gob.mx\/?page_id=69"},"modified":"2022-02-14T19:05:43","modified_gmt":"2022-02-14T19:05:43","slug":"educacion-y-economia","status":"publish","type":"page","link":"https:\/\/samahil.gob.mx\/index.php\/educacion-y-economia\/","title":{"rendered":"Educaci\u00f3n y Econom\u00eda"},"content":{"rendered":"<figure id=\"attachment_71\" aria-describedby=\"caption-attachment-71\" style=\"width: 1533px\" class=\"wp-caption aligncenter\"><img loading=\"lazy\" decoding=\"async\" class=\"size-full wp-image-71\" src=\"https:\/\/samahil.gob.mx\/wp-content\/uploads\/2022\/02\/samahil-educacion.png\" alt=\"\" width=\"1533\" height=\"555\" srcset=\"https:\/\/samahil.gob.mx\/wp-content\/uploads\/2022\/02\/samahil-educacion.png 1533w, https:\/\/samahil.gob.mx\/wp-content\/uploads\/2022\/02\/samahil-educacion-300x109.png 300w, https:\/\/samahil.gob.mx\/wp-content\/uploads\/2022\/02\/samahil-educacion-1024x371.png 1024w, https:\/\/samahil.gob.mx\/wp-content\/uploads\/2022\/02\/samahil-educacion-768x278.png 768w\" sizes=\"auto, (max-width: 1533px) 100vw, 1533px\" \/><figcaption id=\"caption-attachment-71\" class=\"wp-caption-text\">Figura 1.1 Relativo a personas con estudios b\u00e1sicos y superiores.<\/figcaption><\/figure>\n<p>&nbsp;<\/p>\n<figure id=\"attachment_70\" aria-describedby=\"caption-attachment-70\" style=\"width: 1536px\" class=\"wp-caption aligncenter\"><img loading=\"lazy\" decoding=\"async\" class=\"size-full wp-image-70\" src=\"https:\/\/samahil.gob.mx\/wp-content\/uploads\/2022\/02\/samahil-economia.png\" alt=\"\" width=\"1536\" height=\"555\" srcset=\"https:\/\/samahil.gob.mx\/wp-content\/uploads\/2022\/02\/samahil-economia.png 1536w, https:\/\/samahil.gob.mx\/wp-content\/uploads\/2022\/02\/samahil-economia-300x108.png 300w, https:\/\/samahil.gob.mx\/wp-content\/uploads\/2022\/02\/samahil-economia-1024x370.png 1024w, https:\/\/samahil.gob.mx\/wp-content\/uploads\/2022\/02\/samahil-economia-768x278.png 768w\" sizes=\"auto, (max-width: 1536px) 100vw, 1536px\" \/><figcaption id=\"caption-attachment-70\" class=\"wp-caption-text\">Figura 1.2 Porcentaje de personas que laboran en Samahil.<\/figcaption><\/figure>\n<p>&nbsp;<\/p>\n<p>&nbsp;<\/p>\n<hr \/>\n<p style=\"text-align: center;\">Fuente: INEGI. Panorama Sociodemogr\u00e1fico de Yucat\u00e1n. Censo de Poblaci\u00f3n y Vivienda 2020. 2021<\/p>\n","protected":false},"excerpt":{"rendered":"<p>&nbsp; &nbsp; &nbsp; Fuente: INEGI. Panorama Sociodemogr\u00e1fico de Yucat\u00e1n. Censo de Poblaci\u00f3n y Vivienda 2020. 2021<\/p>\n","protected":false},"author":1,"featured_media":0,"parent":0,"menu_order":0,"comment_status":"closed","ping_status":"closed","template":"","meta":{"footnotes":""},"class_list":["post-69","page","type-page","status-publish","hentry"],"_links":{"self":[{"href":"https:\/\/samahil.gob.mx\/index.php\/wp-json\/wp\/v2\/pages\/69","targetHints":{"allow":["GET"]}}],"collection":[{"href":"https:\/\/samahil.gob.mx\/index.php\/wp-json\/wp\/v2\/pages"}],"about":[{"href":"https:\/\/samahil.gob.mx\/index.php\/wp-json\/wp\/v2\/types\/page"}],"author":[{"embeddable":true,"href":"https:\/\/samahil.gob.mx\/index.php\/wp-json\/wp\/v2\/users\/1"}],"replies":[{"embeddable":true,"href":"https:\/\/samahil.gob.mx\/index.php\/wp-json\/wp\/v2\/comments?post=69"}],"version-history":[{"count":1,"href":"https:\/\/samahil.gob.mx\/index.php\/wp-json\/wp\/v2\/pages\/69\/revisions"}],"predecessor-version":[{"id":72,"href":"https:\/\/samahil.gob.mx\/index.php\/wp-json\/wp\/v2\/pages\/69\/revisions\/72"}],"wp:attachment":[{"href":"https:\/\/samahil.gob.mx\/index.php\/wp-json\/wp\/v2\/media?parent=69"}],"curies":[{"name":"wp","href":"https:\/\/api.w.org\/{rel}","templated":true}]}}